{"id":4154,"date":"2023-06-20T09:45:00","date_gmt":"2023-06-20T07:45:00","guid":{"rendered":"http:\/\/www.benedictinsetiolles.org\/?page_id=4154"},"modified":"2025-05-11T14:17:23","modified_gmt":"2025-05-11T12:17:23","slug":"les-compagnons-du-dim","status":"publish","type":"page","link":"http:\/\/www.benedictinsetiolles.org\/index.php\/les-compagnons-du-dim\/","title":{"rendered":"Les compagnons du DIM"},"content":{"rendered":"\n<p><strong>PR\u00c9SENTATION <\/strong><\/p>\n\n\n\n<p>Ce groupe a \u00e9t\u00e9 cr\u00e9\u00e9 en 2019 au Prieur\u00e9. Il s\u2019inspire de l\u2019esprit du <strong>DIM<\/strong>, dont je suis membre depuis 1979<strong>.<\/strong> Le <strong>D<\/strong>ialogue <strong>I<\/strong>nterreligieux <strong>M<\/strong>onastique (DIM) est un organisme reconnu par le Vatican, qui rassemble moines et moniales chr\u00e9tiens pour des rencontres interreligieuses avec leurs homologues des autres religions. Apr\u00e8s des ann\u00e9es de pr\u00e9paration, ces rencontres ont d\u00e9but\u00e9 en 1983 et se poursuivent jusqu\u2019\u00e0 ce jour, en diff\u00e9rents pays du monde. De nombreux groupes de dialogue interreligieux existent depuis le Concile Vatican 2. Parmi eux, les rencontres du DIM apportent une tonalit\u00e9 particuli\u00e8re&nbsp;: il y a de la convivialit\u00e9, et des amiti\u00e9s profondes y sont n\u00e9es. Il y a participation aux repas, \u00e0 la pri\u00e8re, \u00e0 la m\u00e9ditation, aux rites des autres. Et dans les \u00e9changes verbaux, on privil\u00e9gie toujours le niveau spirituel, au-del\u00e0 des aspects dogmatiques propres \u00e0 chaque religion.<\/p>\n\n\n\n<p>Il se trouve qu\u2019en France, le DIM se trouve un peu en difficult\u00e9, ce qui ferait craindre que le charisme et l\u2019originalit\u00e9 du DIM en viennent \u00e0 se perdre. L\u2019id\u00e9e a donc germ\u00e9, lors d\u2019une rencontre entre moines chr\u00e9tiens, en octobre 2018, de former des petites communaut\u00e9s rassemblant des personnes la\u00efques bien engag\u00e9es dans la foi chr\u00e9tienne, ainsi que des religieuses et religieux.&nbsp; Au Prieur\u00e9 Saint-Beno\u00eet d\u2019Etiolles, nous n\u2019avons pas voulu mettre cette initiative sous le drapeau du DIM, car les membres la\u00efcs qui se sont engag\u00e9s dans ce projet ne se reconnaissent pas comme moniales ou moines, m\u00eame si la vie spirituelle leur importe profond\u00e9ment. Le groupe a donc adopt\u00e9 le nom de <strong>\u00ab&nbsp;Compagnons du DIM&nbsp;\u00bb<\/strong><\/p>\n\n\n\n<p>Les douze membres actuels, dont je fais partie avec le Fr\u00e8re Xuan, \u0153uvrent donc depuis deux ann\u00e9es, en d\u00e9pit des confinements, pour former une v\u00e9ritable communaut\u00e9 de foi sous le patronage de Saint Beno\u00eet. On y approfondit la tr\u00e8s riche tradition spirituelle chr\u00e9tienne, avec ses diff\u00e9rents types de pri\u00e8re et de m\u00e9ditation, v\u00e9cus personnellement ou ensemble. Entre nous, les partages de vie sont intenses, l\u2019exp\u00e9rimentation de diff\u00e9rents aspects de nos tr\u00e9sors spirituels se poursuit. Ainsi s\u2019installe le socle qui va permettre la compr\u00e9hension de ce que vivent les membres des autres lign\u00e9es religieuses, sans renier la n\u00f4tre propre. Un travail de connaissance des religions non-chr\u00e9tiennes va pouvoir d\u00e9buter. Temps n\u00e9cessaire pour s\u2019approprier peu \u00e0 peu la grande richesse du DIM, accumul\u00e9e au cours des cinquante derni\u00e8res ann\u00e9es. Les rencontres avec des groupes d\u2019autres traditions engendrent, comme souvent, un premier temps d\u2019\u00e9tonnement et de questionnement, suivi de celui de l\u2019int\u00e9riorisation. Dynamique sans fin, qui permet de d\u00e9couvrir l\u2019infinie diversit\u00e9 de ce que l\u2019Esprit divin a suscit\u00e9 au cours des \u00e2ges dans les diff\u00e9rents mondes. Et de se sentir p\u00e8lerins de l\u2019Absolu, chercheurs de V\u00e9rit\u00e9, au milieu de bien d\u2019autres.<\/p>\n\n\n\n<p>Fr\u00e8re Beno\u00eet Billot<\/p>\n\n\n\n<div class=\"wp-block-themeisle-blocks-advanced-columns has-1-columns has-desktop-equal-layout has-tablet-equal-layout has-mobile-equal-layout has-default-gap has-vertical-unset\" id=\"wp-block-themeisle-blocks-advanced-columns-e9d2c89f\"><div class=\"wp-block-themeisle-blocks-advanced-columns-overlay\"><\/div><div class=\"innerblocks-wrap\">\n\n<div class=\"wp-block-themeisle-blocks-advanced-column\" id=\"wp-block-themeisle-blocks-advanced-column-91ba24c4\">\n\n<figure class=\"wp-block-image size-large is-resized\"><img loading=\"lazy\" decoding=\"async\" src=\"http:\/\/www.benedictinsetiolles.org\/wp-content\/uploads\/2021\/09\/session-zen-1024x768.jpg\" alt=\"\" class=\"wp-image-4221\" width=\"763\" height=\"572\" srcset=\"http:\/\/www.benedictinsetiolles.org\/wp-content\/uploads\/2021\/09\/session-zen-1024x768.jpg 1024w, http:\/\/www.benedictinsetiolles.org\/wp-content\/uploads\/2021\/09\/session-zen-300x225.jpg 300w, http:\/\/www.benedictinsetiolles.org\/wp-content\/uploads\/2021\/09\/session-zen-768x576.jpg 768w, http:\/\/www.benedictinsetiolles.org\/wp-content\/uploads\/2021\/09\/session-zen.jpg 1098w\" sizes=\"auto, (max-width: 763px) 100vw, 763px\" \/><figcaption>Fin de session Zen anim\u00e9e par Ma\u00eetre Gensho Hozumi. \u00c9quipe organisatrice 2015 Abbaye de C\u00eeteaux<\/figcaption><\/figure>\n\n<\/div>\n\n<\/div><\/div>\n\n\n\n<p><strong>INFOS du BUREAU octobre 2024<\/strong><\/p>\n\n\n\n<h1 class=\"wp-block-heading\"><strong>Nous aurons trois temps de formation&nbsp;:<\/strong><\/h1>\n\n\n\n<p>Les questions soulev\u00e9es ont trouv\u00e9 r\u00e9ponse. Voici donc, pour l\u2019ensemble de l\u2019ann\u00e9e 2024-25, ce que nous avons travaill\u00e9 et ce qui est \u00e9labor\u00e9. Tout d\u2019abord, nous avons examin\u00e9 nos trois rencontres annuelles de formation et avons envisag\u00e9 des th\u00e8mes d\u2019ann\u00e9e se r\u00e9p\u00e9tant de fa\u00e7on souple \u00e0 chacune des trois&nbsp;:<\/p>\n\n\n\n<ul class=\"wp-block-list\">\n<li>L\u2019importance de la R\u00c9P\u00c9TITION dans la vie spirituelle, et comment elle peut s\u2019accorder avec la dimension lin\u00e9aire du temps qui pr\u00e9vaut dans le jud\u00e9o-christianisme.<\/li>\n\n\n\n<li>L\u2019importance des CONNEXIONS, entre des r\u00e9alit\u00e9s qui paraissent souvent oppos\u00e9es \u00e0 premi\u00e8re vue&nbsp;; quelle est la signification de ces connexions ?<\/li>\n<\/ul>\n\n\n\n<p><strong>Samedi 23 novembre\u00a02024 : <em>\u00ab\u00a0De COMMENCEMENT en COMMENCEMENT\u00a0\u00bb<\/em><\/strong><\/p>\n\n\n\n<p>Comment vivons-nous la temporalit\u00e9 dans tous les aspects de notre existence&nbsp;?<\/p>\n\n\n\n<p>Au Prieur\u00e9 Saint-Beno\u00eet d\u2019\u00c9tiolles, le samedi de 9H.30 \u00e0 17H.<\/p>\n\n\n\n<p>Chacun.e recevra un rappel et plus de d\u00e9tails en temps utile.<\/p>\n\n\n\n<p><strong>Samedi 15 mars 2025\u00a0: <em>\u00ab\u00a0TEMPS et \u00c9TERNIT\u00c9\u00a0\u00bb<\/em><\/strong><\/p>\n\n\n\n<p>Qu\u2019est-ce qui me fait sentir que je suis vivant et reli\u00e9&nbsp;; vivant et reli\u00e9 au Cr\u00e9\u00e9 et \u00e0 l\u2019Incr\u00e9\u00e9&nbsp;?<\/p>\n\n\n\n<p>M\u00eame organisation que pour le 23 novembre.<\/p>\n\n\n\n<p><strong>Samedi 14 et dimanche 15 juin 2015\u00a0: <em>\u00ab\u00a0DEUX VOIES, CONNAISSANCE SPIRITUELLE, AMOUR DIVIN\u00a0\u00bb<\/em><\/strong><\/p>\n\n\n\n<p>Comment les articuler&nbsp;? On fera le lien gr\u00e2ce \u00e0 des \u00c9veils corporels v\u00e9cus \u00e0 partir de la sensorialit\u00e9.<\/p>\n\n\n\n<p>Toujours au Prieur\u00e9 Saint-Beno\u00eet, du samedi 14 juin 9H.30, au dimanche 15 \u00e0 17H.<\/p>\n\n\n\n<p>De plus, nous proposons \u00e0 tous nos membres de prendre un livre d\u2019ann\u00e9e et de le lire en continu attentivement. \u00c0 choisir entre&nbsp;:<\/p>\n\n\n\n<ul class=\"wp-block-list\">\n<li><strong>Une \u00e9mulation de saintet\u00e9, <\/strong>de Yann Vagneux (Hindouisme et Christianisme en dialogue), Ed. DDB, 2024. (280 pages, 20\u20ac). Ce pr\u00eatre des Missions \u00c9trang\u00e8res de Paris vit \u00e0 B\u00e9nar\u00e8s et invite \u00e0 \u00ab&nbsp;adopter l\u2019attitude th\u00e9ologique de l\u2019\u00c9coute pour discerner la symphonie silencieuse de l\u2019Esprit qui sourd de la sagesse hindoue&nbsp;\u00bb<\/li>\n\n\n\n<li><strong>&nbsp;?<\/strong><\/li>\n<\/ul>\n\n\n\n<p>Il sera fait allusion \u00e0 ces deux livres pendant les rencontres d\u2019ann\u00e9e. \u00c0 la session des 14 et 15 juin, chaque membre sera invit\u00e9 \u00e0 dire ses d\u00e9couvertes \u00e0 partir de celui qu\u2019il aura choisi.<\/p>\n\n\n\n<p><strong>Rencontres autres&nbsp;; <\/strong>Voici ce dont nous avons connaissance actuellement&nbsp;:<\/p>\n\n\n\n<ul class=\"wp-block-list\">\n<li>S\u0153ur Solange nous invite le <strong>lundi 9 d\u00e9cembre \u00e0 Jouarre<\/strong>, \u00e0 une journ\u00e9e de partage sur l\u2019importance du <em>D\u00c9TACHEMENT<\/em> en toute vie spirituelle, particuli\u00e8rement dans les traditions chr\u00e9tienne et hindoue. Autres renseignements en temps utile.<\/li>\n<\/ul>\n\n\n\n<ul class=\"wp-block-list\">\n<li>Le groupe des Compagnons du DIM est invit\u00e9 \u00e0 passer la journ\u00e9e du <strong>samedi 18 janvier 2025 au Prieur\u00e9, <\/strong>pour rencontrer des membres de la confr\u00e9rie soufie Alawiya. Le th\u00e8me retenu dans la Bible et le Coran est celui de la <em>FRATERNIT\u00c9.<\/em><\/li>\n<\/ul>\n\n\n\n<ul class=\"wp-block-list\">\n<li><strong>Vendredi 7 f\u00e9vrier 2025 \u00e0 Lille, <\/strong>Fr\u00e9d\u00e9ric Werbicki, soignant \u00e0 Berck de son \u00e9tat, et doctorant \u00e0 l\u2019universit\u00e9 catholique, pr\u00e9sentera sa th\u00e8se de doctorat sur le DIM. En ces temps o\u00f9 le DIM est en perte de vitesse en Europe, ceci est \u00e0 noter&nbsp;! Il a demand\u00e9 de l\u2019aide aux Fr\u00e8res Beno\u00eet Billot et Pierre de B\u00e9thune. Il y a eu de tr\u00e8s nombreux contact entre le fr\u00e8re Beno\u00eet et lui, en pr\u00e9sentiel, par t\u00e9l\u00e9phone ou par internet. Occasion tr\u00e8s int\u00e9ressante pour les Compagnons du DIM de se situer pendant une journ\u00e9e au c\u0153ur de la grande tradition du DIM dont ils sont h\u00e9ritiers.<\/li>\n<\/ul>\n\n\n\n<p>\u00c0 signaler&nbsp;:<\/p>\n\n\n\n<p>Apr\u00e8s les ann\u00e9es de bons et loyaux services du P. William Skudlareck, le DIM-MID vient de recevoir un nouveau responsable international&nbsp;; il s\u2019agit du <strong>Fr\u00e8re Cyprian Consiglio<\/strong> moine b\u00e9n\u00e9dictin camaldule d\u2019une petite communaut\u00e9 de Californie. Voir sa pr\u00e9sentation dans l\u2019autre PJ de cet envoi. Celle-ci a \u00e9t\u00e9 \u00e9crite vraisemblablement en anglais, et traduite automatiquement en fran\u00e7ais. Le fr\u00e8re Beno\u00eet a donc d\u00fb la modifier un peu pour qu\u2019elle devienne compr\u00e9hensible. \u00c0 la lire, on se rend compte de la personnalit\u00e9 charismatique de ce personnage. On peut en savoir bien plus en allant sur son site, en anglais bien-s\u00fbr. Sa nomination \u00e9veille de nombreux espoirs, en particulier sur la possibilit\u00e9 d\u2019introduire des la\u00efcs dans les groupes du DIM.<\/p>\n\n\n\n<p><em>Avec l\u2019amiti\u00e9 fraternelle du Bureau des Compagnons du DIM&nbsp;: Louise Gosselin, \u00c9lisabeth Roussarie, Barbara Pawlak, Marie-Fran\u00e7oise Masse, Fr. Vu Manh Xuan, Fr. Beno\u00eet Billot.<\/em><\/p>\n\n\n\n<p>__________________________________________________<\/p>\n\n\n\n<p><strong>ARCHIVES <\/strong><\/p>\n\n\n\n<p class=\"has-medium-font-size\"><strong>f\u00eate du Prieur\u00e9 18 juin 2023<\/strong> : la fraternit\u00e9 dans la diversit<\/p>\n\n\n\n<p>La Confr\u00e9rie Soufi est venue  psalmodier des chants <\/p>\n\n\n\n<figure class=\"wp-block-gallery has-nested-images columns-default is-cropped wp-block-gallery-1 is-layout-flex wp-block-gallery-is-layout-flex\">\n<figure class=\"wp-block-image size-large\"><img loading=\"lazy\" decoding=\"async\" width=\"720\" height=\"323\" data-id=\"6072\" src=\"http:\/\/www.benedictinsetiolles.org\/wp-content\/uploads\/2023\/06\/FB_IMG_1687108980724.jpg\" alt=\"\" class=\"wp-image-6072\" srcset=\"http:\/\/www.benedictinsetiolles.org\/wp-content\/uploads\/2023\/06\/FB_IMG_1687108980724.jpg 720w, http:\/\/www.benedictinsetiolles.org\/wp-content\/uploads\/2023\/06\/FB_IMG_1687108980724-300x135.jpg 300w\" sizes=\"auto, (max-width: 720px) 100vw, 720px\" \/><\/figure>\n<\/figure>\n\n\n\n<p>La Confr\u00e9rie Alawiya n\u2019a jamais cess\u00e9 son ouverture vers les autres religions, notamment le Christianisme li\u00e9 \u00e0 l\u2019Islam depuis tant de si\u00e8cles. En France, elle poursuit ses \u00e9changes avec les \u00e9glises et les monast\u00e8res ou prieur\u00e9s, notamment le Prieur\u00e9 d\u2019\u00c9tiolles o\u00f9 des disciples de la Confr\u00e9rie vont r\u00e9guli\u00e8rement tenir leurs retraites spirituelles, accueillis en amis.<\/p>\n\n\n\n<p>Le Prieur\u00e9 a \u00e9galement fait appel \u00e0 des membres de la Confr\u00e9rie dans le cadre du \u00ab&nbsp;Dialogue Inter-Monastique&nbsp;\u00bb pour diffuser quelques notions sur l\u2019Islam, \u00e0 des Fr\u00e8res mais aussi \u00e0 des La\u00efcs.<\/p>\n\n\n\n<p>Derni\u00e8rement, la f\u00eate du Prieur\u00e9 a rassembl\u00e9 diverses spiritualit\u00e9s, dont des membres de la Confr\u00e9rie qui ont fait entendre quelques po\u00e8mes du Cheikh Al\u2019Alawi \u00e0 une assistance diverse et attentive.<\/p>\n\n\n\n<p>_____________________________________________________________________________________________<\/p>\n\n\n\n<p><strong><em>COMPAGNONS du DIM, 4\u00b0 trimestre 2023<\/em><\/strong><\/p>\n\n\n\n<p>La petite communaut\u00e9 des Compagnons du DIM poursuit vaillamment son chemin. Apr\u00e8s les rencontres interreligieuses de cet \u00e9t\u00e9, toujours fructueuses, le bureau de ce groupe est venu passer une journ\u00e9e au Prieur\u00e9, le 24 septembre pour \u00e9laborer le programme d\u2019ann\u00e9e. Celui-ci se diversifie en deux branches. D\u2019un c\u00f4t\u00e9 les trois rencontres annuelles des Compagnons, d\u00e9di\u00e9es \u00e0 leur formation et \u00e0 la vie communautaire. De l\u2019autre les occasions de contacts interreligieux ou autres qui s\u2019offrent \u00e0 eux. Pour ce 4\u00b0 trimestre 2023, voici les propositions&nbsp;:<\/p>\n\n\n\n<p>Pour ce qui concerne la formation, notons <strong>notre premi\u00e8re journ\u00e9e de l\u2019ann\u00e9e : Initiation \u00e0 l\u2019Adva\u00efta&nbsp;<\/strong>: il s\u2019agit de cette grande voie mystique de la Non-Dualit\u00e9, particuli\u00e8rement d\u00e9velopp\u00e9e dans l\u2019Hindouisme. Cette journ\u00e9e aura lieu <strong>le Samedi 4 novembre<\/strong>, au Prieur\u00e9. Ce seront deux membres du groupe qui l\u2019animeront. Il y aura d\u2019abord une pr\u00e9sentation de textes hindous. Puis l\u2019\u00e9vocation du parcours et de la r\u00e9flexion d\u2019Henri Le Saux qui s\u2019est immerg\u00e9 dans cette lign\u00e9e. Nous rel\u00e8verons des \u00e9l\u00e9ments de non-dualit\u00e9 un peu trop endormis dans la spiritualit\u00e9 chr\u00e9tienne actuelle, et qui devraient \u00eatre \u00e9veill\u00e9s. Et enfin ce que cela signifie pour les relations&nbsp;: entre l\u2019Homme et Dieu, entre les humains, et dans notre rapport avec l\u2019univers.<\/p>\n\n\n\n<p>Pour les rencontres qui seront propos\u00e9es en ce trimestre, il faut noter d\u2019abord une <strong>journ\u00e9e de travail du Groupe Merton<\/strong>, qui se consacre \u00e0 la d\u00e9couverte d\u2019aspects divers du Bouddhisme. Elle aura lieu le <strong>lundi 27 novembre \u00e0 Paris, Forum 104<\/strong>. Nous n\u2019en savons pas encore le sujet. Les responsables h\u00e9sitaient entre une rencontre d\u00e9couverte de la m\u00e9ditation dite de \u00ab pleine conscience&nbsp;\u00bb, actuellement tr\u00e8s pratiqu\u00e9e en France. Il s\u2019agit de la m\u00e9ditation zen revue par un m\u00e9decin, Jon Kabat Zin, qui l\u2019a la\u00efcis\u00e9e pour permettre \u00e0 ses malades d\u2019entrer dans une zone de repos de leur int\u00e9riorit\u00e9. Mais il se peut aussi que cette journ\u00e9e soit consacr\u00e9e aux contacts profonds entre le bouddhisme et le chamanisme.<\/p>\n\n\n\n<p>Notons aussi, <strong>du 15 au 17 d\u00e9cembre, \u00e0 Versailles<\/strong>, <strong>un weekend de convivialit\u00e9, m\u00e9ditations et enseignements<\/strong> entre des chr\u00e9tiens et des bouddhistes tib\u00e9tains. En majorit\u00e9, les membres de notre groupe y participeront.<\/p>\n","protected":false},"excerpt":{"rendered":"<p>PR\u00c9SENTATION Ce groupe a \u00e9t\u00e9 cr\u00e9\u00e9 en 2019 au Prieur\u00e9. Il s\u2019inspire de l\u2019esprit du DIM, dont je suis membre depuis 1979. Le Dialogue Interreligieux Monastique (DIM) est un organisme reconnu par le Vatican, qui rassemble moines et moniales chr\u00e9tiens pour des rencontres interreligieuses avec leurs homologues des autres religions. [&hellip;]<\/p>\n","protected":false},"author":1,"featured_media":6072,"parent":0,"menu_order":0,"comment_status":"closed","ping_status":"closed","template":"","meta":{"footnotes":""},"class_list":["post-4154","page","type-page","status-publish","has-post-thumbnail","hentry"],"_links":{"self":[{"href":"http:\/\/www.benedictinsetiolles.org\/index.php\/wp-json\/wp\/v2\/pages\/4154","targetHints":{"allow":["GET"]}}],"collection":[{"href":"http:\/\/www.benedictinsetiolles.org\/index.php\/wp-json\/wp\/v2\/pages"}],"about":[{"href":"http:\/\/www.benedictinsetiolles.org\/index.php\/wp-json\/wp\/v2\/types\/page"}],"author":[{"embeddable":true,"href":"http:\/\/www.benedictinsetiolles.org\/index.php\/wp-json\/wp\/v2\/users\/1"}],"replies":[{"embeddable":true,"href":"http:\/\/www.benedictinsetiolles.org\/index.php\/wp-json\/wp\/v2\/comments?post=4154"}],"version-history":[{"count":18,"href":"http:\/\/www.benedictinsetiolles.org\/index.php\/wp-json\/wp\/v2\/pages\/4154\/revisions"}],"predecessor-version":[{"id":7321,"href":"http:\/\/www.benedictinsetiolles.org\/index.php\/wp-json\/wp\/v2\/pages\/4154\/revisions\/7321"}],"wp:featuredmedia":[{"embeddable":true,"href":"http:\/\/www.benedictinsetiolles.org\/index.php\/wp-json\/wp\/v2\/media\/6072"}],"wp:attachment":[{"href":"http:\/\/www.benedictinsetiolles.org\/index.php\/wp-json\/wp\/v2\/media?parent=4154"}],"curies":[{"name":"wp","href":"https:\/\/api.w.org\/{rel}","templated":true}]}}